{"id":2428,"date":"2023-03-12T13:48:41","date_gmt":"2023-03-12T12:48:41","guid":{"rendered":"https:\/\/lmvworld.com\/progetto\/centro-commerciale-parco-corolla\/"},"modified":"2026-03-18T13:55:05","modified_gmt":"2026-03-18T12:55:05","slug":"centro-commerciale-parco-corolla","status":"publish","type":"progetto","link":"https:\/\/lmvworld.com\/en\/project\/centro-commerciale-parco-corolla\/","title":{"rendered":"Centre Commercial \u00abParco Corolla\u00bb"},"content":{"rendered":"\t\t<div data-elementor-type=\"wp-post\" data-elementor-id=\"2428\" class=\"elementor elementor-2428 elementor-2419\" data-elementor-post-type=\"progetto\">\n\t\t\t\t<div class=\"elementor-element elementor-element-dc033b5 e-flex e-con-boxed e-con e-parent\" data-id=\"dc033b5\" data-element_type=\"container\" data-e-type=\"container\" data-settings=\"{&quot;jet_parallax_layout_list&quot;:[]}\">\n\t\t\t\t\t<div class=\"e-con-inner\">\n\t\t\t\t<div class=\"elementor-element elementor-element-0c6332d elementor-widget elementor-widget-text-editor\" data-id=\"0c6332d\" data-element_type=\"widget\" data-e-type=\"widget\" data-widget_type=\"text-editor.default\">\n\t\t\t\t\t\t\t\t\t<p>Le 1er juillet 2018, l\u2019agrandissement du\u00a0<strong>Centre Commercial Parco Corolla<\/strong>\u00a0en\u00a0<strong>Sicile<\/strong>\u00a0a commenc\u00e9 par la construction de deux nouveaux b\u00e2timents de plusieurs \u00e9tages, d\u2019une surface d\u2019environ 2000 m\u00e8tres carr\u00e9s. Au rez-de-chauss\u00e9e, il y aura 20 magasins de marques renomm\u00e9es\u00a0; au premier \u00e9tage, un cin\u00e9ma multi-\u00e9crans avec sept salles de projection.<\/p><p>LMV World participe \u00e0 la construction de ces b\u00e2timents en\u00a0<strong>acier<\/strong>\u00a0ainsi qu\u2019\u00e0 la construction d\u2019un parking \u00e0 plusieurs \u00e9tages pour la client\u00e8le du centre commercial. Pour l\u2019ensemble des travaux, on pr\u00e9voit environ 1500 tonnes d\u2019acier.<\/p>\t\t\t\t\t\t\t\t<\/div>\n\t\t\t\t\t<\/div>\n\t\t\t\t<\/div>\n\t\t\t\t<\/div>\n\t\t","protected":false},"excerpt":{"rendered":"<p>Milazzo, Sicily, Italia | 2018 | Termin\u00e8<\/p>\n","protected":false},"featured_media":2421,"template":"","meta":{"_acf_changed":false},"categorie_progetto":[26],"class_list":["post-2428","progetto","type-progetto","status-publish","has-post-thumbnail","hentry","categorie_progetto-civil-construction"],"acf":[],"yoast_head":"<!-- This site is optimized with the Yoast SEO plugin v27.1.1 - https:\/\/yoast.com\/product\/yoast-seo-wordpress\/ -->\n<title>Centre Commercial \u00abParco Corolla\u00bb - LMV<\/title>\n<meta name=\"robots\" content=\"index, follow, max-snippet:-1, max-image-preview:large, max-video-preview:-1\" \/>\n<link rel=\"canonical\" href=\"https:\/\/lmvworld.com\/en\/project\/centro-commerciale-parco-corolla\/\" \/>\n<meta property=\"og:locale\" content=\"en_US\" \/>\n<meta property=\"og:type\" content=\"article\" \/>\n<meta property=\"og:title\" content=\"Centre Commercial \u00abParco Corolla\u00bb - LMV\" \/>\n<meta property=\"og:description\" content=\"Milazzo, Sicily, Italia | 2018 | Termin\u00e8\" \/>\n<meta property=\"og:url\" content=\"https:\/\/lmvworld.com\/en\/project\/centro-commerciale-parco-corolla\/\" \/>\n<meta property=\"og:site_name\" content=\"LMV\" \/>\n<meta property=\"article:publisher\" content=\"https:\/\/www.facebook.com\/lmvworld\/?locale=it_IT\" \/>\n<meta property=\"article:modified_time\" content=\"2026-03-18T12:55:05+00:00\" \/>\n<meta property=\"og:image\" content=\"https:\/\/lmvworld.com\/wp-content\/uploads\/2026\/03\/Centro_Commerciale_Parco_Coroll_cop.jpg\" \/>\n\t<meta property=\"og:image:width\" content=\"870\" \/>\n\t<meta property=\"og:image:height\" content=\"273\" \/>\n\t<meta property=\"og:image:type\" content=\"image\/jpeg\" \/>\n<meta name=\"twitter:card\" content=\"summary_large_image\" \/>\n<meta name=\"twitter:label1\" content=\"Est. reading time\" \/>\n\t<meta name=\"twitter:data1\" content=\"1 minute\" \/>\n<script type=\"application\/ld+json\" class=\"yoast-schema-graph\">{\"@context\":\"https:\/\/schema.org\",\"@graph\":[{\"@type\":[\"WebPage\",\"ItemPage\"],\"@id\":\"https:\/\/lmvworld.com\/en\/project\/centro-commerciale-parco-corolla\/\",\"url\":\"https:\/\/lmvworld.com\/en\/project\/centro-commerciale-parco-corolla\/\",\"name\":\"Centre Commercial \u00abParco Corolla\u00bb - LMV\",\"isPartOf\":{\"@id\":\"https:\/\/lmvworld.com\/en\/#website\"},\"primaryImageOfPage\":{\"@id\":\"https:\/\/lmvworld.com\/en\/project\/centro-commerciale-parco-corolla\/#primaryimage\"},\"image\":{\"@id\":\"https:\/\/lmvworld.com\/en\/project\/centro-commerciale-parco-corolla\/#primaryimage\"},\"thumbnailUrl\":\"https:\/\/lmvworld.com\/wp-content\/uploads\/2026\/03\/Centro_Commerciale_Parco_Coroll_cop.jpg\",\"datePublished\":\"2023-03-12T12:48:41+00:00\",\"dateModified\":\"2026-03-18T12:55:05+00:00\",\"breadcrumb\":{\"@id\":\"https:\/\/lmvworld.com\/en\/project\/centro-commerciale-parco-corolla\/#breadcrumb\"},\"inLanguage\":\"en-US\",\"potentialAction\":[{\"@type\":\"ReadAction\",\"target\":[\"https:\/\/lmvworld.com\/en\/project\/centro-commerciale-parco-corolla\/\"]}]},{\"@type\":\"ImageObject\",\"inLanguage\":\"en-US\",\"@id\":\"https:\/\/lmvworld.com\/en\/project\/centro-commerciale-parco-corolla\/#primaryimage\",\"url\":\"https:\/\/lmvworld.com\/wp-content\/uploads\/2026\/03\/Centro_Commerciale_Parco_Coroll_cop.jpg\",\"contentUrl\":\"https:\/\/lmvworld.com\/wp-content\/uploads\/2026\/03\/Centro_Commerciale_Parco_Coroll_cop.jpg\",\"width\":870,\"height\":273},{\"@type\":\"BreadcrumbList\",\"@id\":\"https:\/\/lmvworld.com\/en\/project\/centro-commerciale-parco-corolla\/#breadcrumb\",\"itemListElement\":[{\"@type\":\"ListItem\",\"position\":1,\"name\":\"Home\",\"item\":\"https:\/\/lmvworld.com\/en\/\"},{\"@type\":\"ListItem\",\"position\":2,\"name\":\"Progetti\",\"item\":\"https:\/\/lmvworld.com\/en\/project\/\"},{\"@type\":\"ListItem\",\"position\":3,\"name\":\"Centre Commercial \u00abParco Corolla\u00bb\"}]},{\"@type\":\"WebSite\",\"@id\":\"https:\/\/lmvworld.com\/en\/#website\",\"url\":\"https:\/\/lmvworld.com\/en\/\",\"name\":\"LMV\",\"description\":\"\",\"publisher\":{\"@id\":\"https:\/\/lmvworld.com\/en\/#organization\"},\"potentialAction\":[{\"@type\":\"SearchAction\",\"target\":{\"@type\":\"EntryPoint\",\"urlTemplate\":\"https:\/\/lmvworld.com\/en\/?s={search_term_string}\"},\"query-input\":{\"@type\":\"PropertyValueSpecification\",\"valueRequired\":true,\"valueName\":\"search_term_string\"}}],\"inLanguage\":\"en-US\"},{\"@type\":\"Organization\",\"@id\":\"https:\/\/lmvworld.com\/en\/#organization\",\"name\":\"LMV\",\"url\":\"https:\/\/lmvworld.com\/en\/\",\"logo\":{\"@type\":\"ImageObject\",\"inLanguage\":\"en-US\",\"@id\":\"https:\/\/lmvworld.com\/en\/#\/schema\/logo\/image\/\",\"url\":\"https:\/\/lmvworld.com\/wp-content\/uploads\/2026\/03\/Esecutivo-Logo-LMV-e1773654030929.jpg\",\"contentUrl\":\"https:\/\/lmvworld.com\/wp-content\/uploads\/2026\/03\/Esecutivo-Logo-LMV-e1773654030929.jpg\",\"width\":595,\"height\":595,\"caption\":\"LMV\"},\"image\":{\"@id\":\"https:\/\/lmvworld.com\/en\/#\/schema\/logo\/image\/\"},\"sameAs\":[\"https:\/\/www.facebook.com\/lmvworld\/?locale=it_IT\",\"https:\/\/www.instagram.com\/lmvworld\/?hl=it\",\"https:\/\/www.linkedin.com\/company\/lmvgroup\/\"]}]}<\/script>\n<!-- \/ Yoast SEO plugin. -->","yoast_head_json":{"title":"Centre Commercial \u00abParco Corolla\u00bb - LMV","robots":{"index":"index","follow":"follow","max-snippet":"max-snippet:-1","max-image-preview":"max-image-preview:large","max-video-preview":"max-video-preview:-1"},"canonical":"https:\/\/lmvworld.com\/en\/project\/centro-commerciale-parco-corolla\/","og_locale":"en_US","og_type":"article","og_title":"Centre Commercial \u00abParco Corolla\u00bb - LMV","og_description":"Milazzo, Sicily, Italia | 2018 | Termin\u00e8","og_url":"https:\/\/lmvworld.com\/en\/project\/centro-commerciale-parco-corolla\/","og_site_name":"LMV","article_publisher":"https:\/\/www.facebook.com\/lmvworld\/?locale=it_IT","article_modified_time":"2026-03-18T12:55:05+00:00","og_image":[{"width":870,"height":273,"url":"https:\/\/lmvworld.com\/wp-content\/uploads\/2026\/03\/Centro_Commerciale_Parco_Coroll_cop.jpg","type":"image\/jpeg"}],"twitter_card":"summary_large_image","twitter_misc":{"Est. reading time":"1 minute"},"schema":{"@context":"https:\/\/schema.org","@graph":[{"@type":["WebPage","ItemPage"],"@id":"https:\/\/lmvworld.com\/en\/project\/centro-commerciale-parco-corolla\/","url":"https:\/\/lmvworld.com\/en\/project\/centro-commerciale-parco-corolla\/","name":"Centre Commercial \u00abParco Corolla\u00bb - LMV","isPartOf":{"@id":"https:\/\/lmvworld.com\/en\/#website"},"primaryImageOfPage":{"@id":"https:\/\/lmvworld.com\/en\/project\/centro-commerciale-parco-corolla\/#primaryimage"},"image":{"@id":"https:\/\/lmvworld.com\/en\/project\/centro-commerciale-parco-corolla\/#primaryimage"},"thumbnailUrl":"https:\/\/lmvworld.com\/wp-content\/uploads\/2026\/03\/Centro_Commerciale_Parco_Coroll_cop.jpg","datePublished":"2023-03-12T12:48:41+00:00","dateModified":"2026-03-18T12:55:05+00:00","breadcrumb":{"@id":"https:\/\/lmvworld.com\/en\/project\/centro-commerciale-parco-corolla\/#breadcrumb"},"inLanguage":"en-US","potentialAction":[{"@type":"ReadAction","target":["https:\/\/lmvworld.com\/en\/project\/centro-commerciale-parco-corolla\/"]}]},{"@type":"ImageObject","inLanguage":"en-US","@id":"https:\/\/lmvworld.com\/en\/project\/centro-commerciale-parco-corolla\/#primaryimage","url":"https:\/\/lmvworld.com\/wp-content\/uploads\/2026\/03\/Centro_Commerciale_Parco_Coroll_cop.jpg","contentUrl":"https:\/\/lmvworld.com\/wp-content\/uploads\/2026\/03\/Centro_Commerciale_Parco_Coroll_cop.jpg","width":870,"height":273},{"@type":"BreadcrumbList","@id":"https:\/\/lmvworld.com\/en\/project\/centro-commerciale-parco-corolla\/#breadcrumb","itemListElement":[{"@type":"ListItem","position":1,"name":"Home","item":"https:\/\/lmvworld.com\/en\/"},{"@type":"ListItem","position":2,"name":"Progetti","item":"https:\/\/lmvworld.com\/en\/project\/"},{"@type":"ListItem","position":3,"name":"Centre Commercial \u00abParco Corolla\u00bb"}]},{"@type":"WebSite","@id":"https:\/\/lmvworld.com\/en\/#website","url":"https:\/\/lmvworld.com\/en\/","name":"LMV","description":"","publisher":{"@id":"https:\/\/lmvworld.com\/en\/#organization"},"potentialAction":[{"@type":"SearchAction","target":{"@type":"EntryPoint","urlTemplate":"https:\/\/lmvworld.com\/en\/?s={search_term_string}"},"query-input":{"@type":"PropertyValueSpecification","valueRequired":true,"valueName":"search_term_string"}}],"inLanguage":"en-US"},{"@type":"Organization","@id":"https:\/\/lmvworld.com\/en\/#organization","name":"LMV","url":"https:\/\/lmvworld.com\/en\/","logo":{"@type":"ImageObject","inLanguage":"en-US","@id":"https:\/\/lmvworld.com\/en\/#\/schema\/logo\/image\/","url":"https:\/\/lmvworld.com\/wp-content\/uploads\/2026\/03\/Esecutivo-Logo-LMV-e1773654030929.jpg","contentUrl":"https:\/\/lmvworld.com\/wp-content\/uploads\/2026\/03\/Esecutivo-Logo-LMV-e1773654030929.jpg","width":595,"height":595,"caption":"LMV"},"image":{"@id":"https:\/\/lmvworld.com\/en\/#\/schema\/logo\/image\/"},"sameAs":["https:\/\/www.facebook.com\/lmvworld\/?locale=it_IT","https:\/\/www.instagram.com\/lmvworld\/?hl=it","https:\/\/www.linkedin.com\/company\/lmvgroup\/"]}]}},"_links":{"self":[{"href":"https:\/\/lmvworld.com\/en\/wp-json\/wp\/v2\/progetto\/2428","targetHints":{"allow":["GET"]}}],"collection":[{"href":"https:\/\/lmvworld.com\/en\/wp-json\/wp\/v2\/progetto"}],"about":[{"href":"https:\/\/lmvworld.com\/en\/wp-json\/wp\/v2\/types\/progetto"}],"version-history":[{"count":11,"href":"https:\/\/lmvworld.com\/en\/wp-json\/wp\/v2\/progetto\/2428\/revisions"}],"predecessor-version":[{"id":2440,"href":"https:\/\/lmvworld.com\/en\/wp-json\/wp\/v2\/progetto\/2428\/revisions\/2440"}],"wp:featuredmedia":[{"embeddable":true,"href":"https:\/\/lmvworld.com\/en\/wp-json\/wp\/v2\/media\/2421"}],"wp:attachment":[{"href":"https:\/\/lmvworld.com\/en\/wp-json\/wp\/v2\/media?parent=2428"}],"wp:term":[{"taxonomy":"categorie_progetto","embeddable":true,"href":"https:\/\/lmvworld.com\/en\/wp-json\/wp\/v2\/categorie_progetto?post=2428"}],"curies":[{"name":"wp","href":"https:\/\/api.w.org\/{rel}","templated":true}]}}